{"id":1654,"date":"2012-07-31T15:00:40","date_gmt":"2012-07-31T13:00:40","guid":{"rendered":"http:\/\/www.brennecke.org\/?page_id=1654"},"modified":"2012-08-01T11:11:46","modified_gmt":"2012-08-01T09:11:46","slug":"pc-lab-der-computer-in-der-box","status":"publish","type":"page","link":"https:\/\/www.brennecke.org\/?page_id=1654","title":{"rendered":"PC Lab &#8211; Der Computer in der Box"},"content":{"rendered":"<p>Ich habe vor einem Jahr dieses sch\u00f6ne alte Hobby wieder hervorgesucht,   weil ich sehen wollte, ob man die damalige Experimentiertechnik nicht   mit modernen Weiterentwicklungen verkn\u00fcpfen k\u00f6nnte. Und so sind einige   Projekte entstanden, mit denen ich sehr zufrieden war &#8211; und auch ein   paar, die mir nicht so gefallen haben. Eines davon war die Anbindung der   Experimentierboxen an einen Computer. Das hatte ich \u00fcber eine  <a title=\"Neue Module f\u00fcr die Philips-Experimentierk\u00e4sten\" href=\"http:\/\/www.brennecke.org\/?page_id=1051\">USB-Platine<\/a> realisiert, aber einerseits war diese Platine riesengro\u00df und  zum  anderen musste immer ein ganzer PC verf\u00fcgbar sein, damit man einmal  ein  <a title=\"UKW-Stereo-Radio mit Computeranschluss\" href=\"http:\/\/www.brennecke.org\/?page_id=1086\">Ger\u00e4t<\/a> einschalten konnte. Das autarke <a title=\"UKW-Radio mit RDS-Decoder\" href=\"http:\/\/www.brennecke.org\/?page_id=1587\">Stereoradio<\/a> oder der <a title=\"TV-Lab \u2013 Digitales Farbfernsehen im Philips-ABC-Design\" href=\"http:\/\/www.brennecke.org\/?page_id=1079\"> Flachbildfernseher<\/a> waren da viel witziger. Es war klar: so konnte das  nicht bleiben.<\/p>\n<p><a href=\"http:\/\/www.brennecke.org\/wp-content\/uploads\/2012\/07\/IMG_4924.jpg\"><img loading=\"lazy\" decoding=\"async\" class=\"alignnone size-medium wp-image-1686\" title=\"IMG_4924\" src=\"http:\/\/www.brennecke.org\/wp-content\/uploads\/2012\/07\/IMG_4924-300x225.jpg\" alt=\"\" width=\"300\" height=\"225\" srcset=\"https:\/\/www.brennecke.org\/wp-content\/uploads\/2012\/07\/IMG_4924-300x225.jpg 300w, https:\/\/www.brennecke.org\/wp-content\/uploads\/2012\/07\/IMG_4924.jpg 1024w\" sizes=\"(max-width: 300px) 100vw, 300px\" \/><\/a> <a href=\"http:\/\/www.brennecke.org\/wp-content\/uploads\/2012\/07\/IMG_4915.jpg\"><img loading=\"lazy\" decoding=\"async\" class=\"alignnone size-medium wp-image-1675\" title=\"IMG_4915\" src=\"http:\/\/www.brennecke.org\/wp-content\/uploads\/2012\/07\/IMG_4915-300x225.jpg\" alt=\"\" width=\"300\" height=\"225\" srcset=\"https:\/\/www.brennecke.org\/wp-content\/uploads\/2012\/07\/IMG_4915-300x225.jpg 300w, https:\/\/www.brennecke.org\/wp-content\/uploads\/2012\/07\/IMG_4915.jpg 1024w\" sizes=\"(max-width: 300px) 100vw, 300px\" \/><\/a><\/p>\n<p>Nachdem in diesem Jahr einige Mini-PC-Platinen auf dem Markt  erschienen sind (beispielsweise der <a title=\"Raspberry Pi Startseite\" href=\"http:\/\/www.raspberrypi.org\/\">Raspberry Pi<\/a> und der <a title=\"APC Startseite\" href=\"http:\/\/apc.io\/\">APC<\/a> von Via), reifte die Idee,  einen kompletten Computer in Philips-Schuco-Experimentierbox einzubauen, so dass man  dessen gesamtes Potenzial nutzen k\u00f6nnte. Ich bestellte fr\u00fchzeitig einen  APC &#8211; eine 17x10cm gro\u00dfe Platine, f\u00fcr die ein spezielles  Android-Betriebssystem vorgesehen war. Je n\u00e4her aber der Lieferzeitpunkt  r\u00fcckte, um so mehr zweifelte ich daran, dass dies der richtige Weg sei.  Einerseits l\u00e4uft darauf (ebenso wie auf dem Raspberry Pi) keine  Standardsoftware, zum anderen muss man sich auch in neue  Entwicklungsumgebungen einlernen &#8211; und ich komme nun mal aus der PC-Ecke  (bin allerdings seit 7 Jahren konsequenter Mac-Nutzer).<\/p>\n<p>Kurzerhand  entschloss ich mich f\u00fcr den konsequenten Weg: ich beschaffte ein  speziell f\u00fcr den Einsatz im Auto gedachtes Mini-ITX-Board, das extrem flach gebaut war, ohne  L\u00fcfter auskam und ansonsten alles bot, was man ben\u00f6tigte: Steckpl\u00e4tze  f\u00fcr WLAN und SSD, eingebauter Stereoverst\u00e4rker und eine Stromversorgung  \u00fcber einen einfachen 12V-Stecker. Grafikausg\u00e4nge f\u00fcr VGA und HDMI sind  ebenfalls vorhanden. Die eingebaute Grafik h\u00e4ngt hinten am  VGA-Anschluss, so dass man den heimischen Fernseher noch nebenbei  anschlie\u00dfen kann. Mit 17x17cm war es zwar gr\u00f6\u00dfer als der APC, konnte aber immer noch bequem im hinteren Teil der Experimentierbox unterhalb der Bauplatte verschwinden.<\/p>\n<p><a href=\"http:\/\/www.brennecke.org\/wp-content\/uploads\/2012\/07\/Intel_DN2800MT.jpg\"><img loading=\"lazy\" decoding=\"async\" class=\"alignnone size-medium wp-image-1657\" title=\"Intel_DN2800MT\" src=\"http:\/\/www.brennecke.org\/wp-content\/uploads\/2012\/07\/Intel_DN2800MT-254x300.jpg\" alt=\"\" width=\"254\" height=\"300\" srcset=\"https:\/\/www.brennecke.org\/wp-content\/uploads\/2012\/07\/Intel_DN2800MT-254x300.jpg 254w, https:\/\/www.brennecke.org\/wp-content\/uploads\/2012\/07\/Intel_DN2800MT.jpg 440w\" sizes=\"(max-width: 254px) 100vw, 254px\" \/><\/a> <a href=\"http:\/\/www.brennecke.org\/wp-content\/uploads\/2012\/07\/IMG_4920.jpg\"><img loading=\"lazy\" decoding=\"async\" class=\"alignnone size-medium wp-image-1680\" title=\"IMG_4920\" src=\"http:\/\/www.brennecke.org\/wp-content\/uploads\/2012\/07\/IMG_4920-300x225.jpg\" alt=\"\" width=\"300\" height=\"225\" srcset=\"https:\/\/www.brennecke.org\/wp-content\/uploads\/2012\/07\/IMG_4920-300x225.jpg 300w, https:\/\/www.brennecke.org\/wp-content\/uploads\/2012\/07\/IMG_4920.jpg 1024w\" sizes=\"(max-width: 300px) 100vw, 300px\" \/><\/a><\/p>\n<p><a title=\"Hauptplatine des PC Lab\" href=\"http:\/\/www.brennecke.org\/?page_id=1656\">Hier gehts zur Beschreibung der Features des Boards.<\/a><\/p>\n<p>Danach begannen die \u00fcblichen Arbeiten mit dem Schaltpult: Heraustrennen der Original-Deckplatte, Schneiden und Bearbeiten einer neuen Platte aus Polystyrol, Schneiden, Bohren und Fr\u00e4sen der L\u00f6cher, Bedrucken der Platte mit Rubbelbuchstaben.<\/p>\n<p><a href=\"http:\/\/www.brennecke.org\/wp-content\/uploads\/2012\/07\/IMG_4882.jpg\"><img loading=\"lazy\" decoding=\"async\" class=\"alignnone size-medium wp-image-1658\" title=\"IMG_4882\" src=\"http:\/\/www.brennecke.org\/wp-content\/uploads\/2012\/07\/IMG_4882-300x225.jpg\" alt=\"\" width=\"300\" height=\"225\" srcset=\"https:\/\/www.brennecke.org\/wp-content\/uploads\/2012\/07\/IMG_4882-300x225.jpg 300w, https:\/\/www.brennecke.org\/wp-content\/uploads\/2012\/07\/IMG_4882.jpg 1024w\" sizes=\"(max-width: 300px) 100vw, 300px\" \/><\/a> <a href=\"http:\/\/www.brennecke.org\/wp-content\/uploads\/2012\/07\/IMG_4893.jpg\"><img loading=\"lazy\" decoding=\"async\" class=\"alignnone size-medium wp-image-1662\" title=\"IMG_4893\" src=\"http:\/\/www.brennecke.org\/wp-content\/uploads\/2012\/07\/IMG_4893-300x225.jpg\" alt=\"\" width=\"300\" height=\"225\" srcset=\"https:\/\/www.brennecke.org\/wp-content\/uploads\/2012\/07\/IMG_4893-300x225.jpg 300w, https:\/\/www.brennecke.org\/wp-content\/uploads\/2012\/07\/IMG_4893.jpg 1024w\" sizes=\"(max-width: 300px) 100vw, 300px\" \/><\/a><\/p>\n<p><a title=\"Handwerksarbeiten am Schaltpult\" href=\"http:\/\/www.brennecke.org\/?page_id=1693\">Die einzelnen Schritte sind auf einer Unterseite beschrieben.<\/a><\/p>\n<p>Nach einem ersten Funktionstest &#8211; Windows 7 hatte ich mittels USB-DVD-Laufwerk schon installiert, als die Komponenten noch lose auf dem Schreibtisch herumlagen &#8211; fehlte nun noch die Verbindung zwischen Experimentierbox und PC. Diese sollte durch ein USB-Board der Firma Vellemanns hergestellt werden. Grunds\u00e4tzlich ist es mit ein paar Mikroprozessorkenntnissen nicht sehr schwer, einen USB-Controller zu bauen. F\u00fcr das Vellemanns-Board spricht aber, dass es haufenweise Softwareunterst\u00fctzung f\u00fcr alle \u00fcblichen Compiler mitbringt und mittels einer einfachen Softwarekomponente (DLL) gesteuert werden kann. Sogar eine iPhone-Unterst\u00fctzung ist verf\u00fcgbar.<\/p>\n<p><a href=\"http:\/\/www.brennecke.org\/wp-content\/uploads\/2012\/07\/IMG_4899.jpg\"><img loading=\"lazy\" decoding=\"async\" class=\"alignnone size-medium wp-image-1666\" title=\"IMG_4899\" src=\"http:\/\/www.brennecke.org\/wp-content\/uploads\/2012\/07\/IMG_4899-300x225.jpg\" alt=\"\" width=\"300\" height=\"225\" srcset=\"https:\/\/www.brennecke.org\/wp-content\/uploads\/2012\/07\/IMG_4899-300x225.jpg 300w, https:\/\/www.brennecke.org\/wp-content\/uploads\/2012\/07\/IMG_4899.jpg 1024w\" sizes=\"(max-width: 300px) 100vw, 300px\" \/><\/a> <a href=\"http:\/\/www.brennecke.org\/wp-content\/uploads\/2012\/07\/IMG_4910.jpg\"><img loading=\"lazy\" decoding=\"async\" class=\"alignnone size-medium wp-image-1671\" title=\"IMG_4910\" src=\"http:\/\/www.brennecke.org\/wp-content\/uploads\/2012\/07\/IMG_4910-300x225.jpg\" alt=\"\" width=\"300\" height=\"225\" srcset=\"https:\/\/www.brennecke.org\/wp-content\/uploads\/2012\/07\/IMG_4910-300x225.jpg 300w, https:\/\/www.brennecke.org\/wp-content\/uploads\/2012\/07\/IMG_4910.jpg 1024w\" sizes=\"(max-width: 300px) 100vw, 300px\" \/><\/a><\/p>\n<p><a title=\"Das USB-Board\" href=\"http:\/\/www.brennecke.org\/?page_id=1696\">Mehr zum USB-Board gibt&#8217;s hier.<\/a><\/p>\n<p>Zwei Teile fehlen noch: die Stromversorgung f\u00fcr die Experimentierbox und der Touchscreen-Controller. Als Stromversorgung verwende ich zwei Linearregler vom Typ 7809 und 7805. Ich habe es mir verkniffen, die 5-Volt-Leitung des PC-Boards anzuzapfen &#8211; bei einem Kurzschluss beim Experimentieren w\u00e4re ansonsten auch schnell mit dem Computer Schluss. Der 7805 h\u00e4ngt am 7809, der wiederum direkt an der Eingangsspannung durch das Netzteil h\u00e4ngt und nicht an den Komponenten des PC-Boards &#8211; gleiche Gr\u00fcnde wie eben.<\/p>\n<p>Der USB-Touchscreen-Controller ist eine kleine schmale Platine, die an der hinteren Wand des Schaltpults mit etwas Hei\u00dfkleber befestigt wurde. Er wird auf der einen Seite mit dem vierpoligen Kabel verbunden, das man vorsichtig am Bildschirm anl\u00f6ten muss &#8211; ein passender Stecker ist leider nicht vorgesehen. Die andere Seite wird direkt mit einem der USB-Anschl\u00fcsse auf dem Board verbunden.<\/p>\n<p><a href=\"http:\/\/www.brennecke.org\/wp-content\/uploads\/2012\/07\/IMG_4905.jpg\"><img loading=\"lazy\" decoding=\"async\" class=\"alignnone size-medium wp-image-1670\" title=\"IMG_4905\" src=\"http:\/\/www.brennecke.org\/wp-content\/uploads\/2012\/07\/IMG_4905-300x225.jpg\" alt=\"\" width=\"300\" height=\"225\" srcset=\"https:\/\/www.brennecke.org\/wp-content\/uploads\/2012\/07\/IMG_4905-300x225.jpg 300w, https:\/\/www.brennecke.org\/wp-content\/uploads\/2012\/07\/IMG_4905.jpg 1024w\" sizes=\"(max-width: 300px) 100vw, 300px\" \/><\/a> <a href=\"http:\/\/www.brennecke.org\/wp-content\/uploads\/2012\/07\/IMG_4910.jpg\"><img loading=\"lazy\" decoding=\"async\" class=\"alignnone size-medium wp-image-1671\" title=\"IMG_4910\" src=\"http:\/\/www.brennecke.org\/wp-content\/uploads\/2012\/07\/IMG_4910-300x225.jpg\" alt=\"\" width=\"300\" height=\"225\" srcset=\"https:\/\/www.brennecke.org\/wp-content\/uploads\/2012\/07\/IMG_4910-300x225.jpg 300w, https:\/\/www.brennecke.org\/wp-content\/uploads\/2012\/07\/IMG_4910.jpg 1024w\" sizes=\"(max-width: 300px) 100vw, 300px\" \/><\/a><\/p>\n<p>Nach dem Aufbau aller Einzelteile erfolgt der Zusammenbau. Dazu habe ich haupts\u00e4chlich Flachbandkabel und passende Stecker benutzt. Ich habe auch auf alte USB-Pfostenstecker aus der Bastelkiste zur\u00fcckgegriffen, um die Verkabelung so PC-getreu wie m\u00f6glich zu machen. Au\u00dferdem helfen viele Meter Schrumpfschlauch, Kurzschl\u00fcsse oder Durchkontaktierungen zu vermeiden.<\/p>\n<p><a href=\"http:\/\/www.brennecke.org\/wp-content\/uploads\/2012\/07\/IMG_4912.jpg\"><img loading=\"lazy\" decoding=\"async\" class=\"alignnone size-medium wp-image-1672\" title=\"IMG_4912\" src=\"http:\/\/www.brennecke.org\/wp-content\/uploads\/2012\/07\/IMG_4912-300x225.jpg\" alt=\"\" width=\"300\" height=\"225\" srcset=\"https:\/\/www.brennecke.org\/wp-content\/uploads\/2012\/07\/IMG_4912-300x225.jpg 300w, https:\/\/www.brennecke.org\/wp-content\/uploads\/2012\/07\/IMG_4912.jpg 1024w\" sizes=\"(max-width: 300px) 100vw, 300px\" \/><\/a> <a href=\"http:\/\/www.brennecke.org\/wp-content\/uploads\/2012\/07\/IMG_4914.jpg\"><img loading=\"lazy\" decoding=\"async\" class=\"alignnone size-medium wp-image-1674\" title=\"IMG_4914\" src=\"http:\/\/www.brennecke.org\/wp-content\/uploads\/2012\/07\/IMG_4914-300x225.jpg\" alt=\"\" width=\"300\" height=\"225\" srcset=\"https:\/\/www.brennecke.org\/wp-content\/uploads\/2012\/07\/IMG_4914-300x225.jpg 300w, https:\/\/www.brennecke.org\/wp-content\/uploads\/2012\/07\/IMG_4914.jpg 1024w\" sizes=\"(max-width: 300px) 100vw, 300px\" \/><\/a><\/p>\n<p>Die linke Seite des Schaltpults enth\u00e4lt die Taster, um den PC einzuschalten (Power) und zur\u00fcckzusetzen (Reset) sowie den Ein-Aus-Schalter f\u00fcr das Experimentierboard. Auf der rechten Seite finden sich f\u00fcnf Schalter, mit denen die digitalen Eing\u00e4nge des USB-Boards (kurzschlussfrei) ausgel\u00f6st werden k\u00f6nnen. Der sechste (rote) Schalter ist ein einfacher Taster, der an den Anschlussklemmen verf\u00fcgbar ist.<\/p>\n<p><a href=\"http:\/\/www.brennecke.org\/wp-content\/uploads\/2012\/07\/IMG_4918.jpg\"><img loading=\"lazy\" decoding=\"async\" class=\"alignnone size-medium wp-image-1678\" title=\"IMG_4918\" src=\"http:\/\/www.brennecke.org\/wp-content\/uploads\/2012\/07\/IMG_4918-300x225.jpg\" alt=\"\" width=\"300\" height=\"225\" srcset=\"https:\/\/www.brennecke.org\/wp-content\/uploads\/2012\/07\/IMG_4918-300x225.jpg 300w, https:\/\/www.brennecke.org\/wp-content\/uploads\/2012\/07\/IMG_4918.jpg 1024w\" sizes=\"(max-width: 300px) 100vw, 300px\" \/><\/a> <a href=\"http:\/\/www.brennecke.org\/wp-content\/uploads\/2012\/07\/IMG_4882-klein.jpg\"><img loading=\"lazy\" decoding=\"async\" class=\"alignnone size-medium wp-image-1699\" title=\"IMG_4882 klein\" src=\"http:\/\/www.brennecke.org\/wp-content\/uploads\/2012\/07\/IMG_4882-klein-300x240.jpg\" alt=\"\" width=\"300\" height=\"240\" srcset=\"https:\/\/www.brennecke.org\/wp-content\/uploads\/2012\/07\/IMG_4882-klein-300x240.jpg 300w, https:\/\/www.brennecke.org\/wp-content\/uploads\/2012\/07\/IMG_4882-klein.jpg 957w\" sizes=\"(max-width: 300px) 100vw, 300px\" \/><\/a><\/p>\n<p>Au\u00dferdem sind im Deckel des Schaltpults zehn Leuchtdioden untergebracht, die die Zust\u00e4nde der zehn Ausg\u00e4nge (8 digitale, zwei analoge) darstellen. Die dem K8055N beiliegenden Schraubklemmen wurden auf den Schaltpultdeckel montiert und nehmen dort ihre angedachte Funktion wahr.<\/p>\n<p><a href=\"http:\/\/www.brennecke.org\/wp-content\/uploads\/2012\/07\/IMG_4919.jpg\"><img loading=\"lazy\" decoding=\"async\" class=\"alignnone size-medium wp-image-1679\" title=\"IMG_4919\" src=\"http:\/\/www.brennecke.org\/wp-content\/uploads\/2012\/07\/IMG_4919-300x225.jpg\" alt=\"\" width=\"300\" height=\"225\" srcset=\"https:\/\/www.brennecke.org\/wp-content\/uploads\/2012\/07\/IMG_4919-300x225.jpg 300w, https:\/\/www.brennecke.org\/wp-content\/uploads\/2012\/07\/IMG_4919.jpg 1024w\" sizes=\"(max-width: 300px) 100vw, 300px\" \/><\/a> <a href=\"http:\/\/www.brennecke.org\/wp-content\/uploads\/2012\/07\/IMG_4922.jpg\"><img loading=\"lazy\" decoding=\"async\" class=\"alignnone size-medium wp-image-1681\" title=\"IMG_4922\" src=\"http:\/\/www.brennecke.org\/wp-content\/uploads\/2012\/07\/IMG_4922-300x225.jpg\" alt=\"\" width=\"300\" height=\"225\" srcset=\"https:\/\/www.brennecke.org\/wp-content\/uploads\/2012\/07\/IMG_4922-300x225.jpg 300w, https:\/\/www.brennecke.org\/wp-content\/uploads\/2012\/07\/IMG_4922.jpg 1024w\" sizes=\"(max-width: 300px) 100vw, 300px\" \/><\/a><\/p>\n<p>Diese zwei Bilder zeigen das PC-Lab mit aufgebautem Stereo-Radio, von dem nun nur noch die Platine \u00fcbrig bleibt. Denn die Stereoverst\u00e4rker sind ebenso im PC Lab enthalten wie die gesamte Eingangssteuerung.<\/p>\n<p>Mehr vom PC-Lab gibt&#8217;s hier:<\/p>\n<ul>\n<li><a title=\"Stereo-UKW-Radio mit PC-Lab\" href=\"http:\/\/www.brennecke.org\/?page_id=1701\">UKW-Stereo-Radio mit dem PC-Lab<\/a><\/li>\n<li><a title=\"PC-Lab als Speicheroszilloskop\" href=\"http:\/\/www.brennecke.org\/?page_id=1704\">PC-Lab als Speicheroszilloskop<\/a><\/li>\n<\/ul>\n<p><a title=\"Schaltpult-Um- und Neubauten\" href=\"http:\/\/www.brennecke.org\/?page_id=1067\">Zur\u00fcck zum Hauptartikel<\/a><\/p>\n<div class=\"twoclick_social_bookmarks_post_1654 social_share_privacy clearfix 1.6.4 locale-de_DE sprite-de_DE\"><\/div><div class=\"twoclick-js\"><script type=\"text\/javascript\">\/* <![CDATA[ *\/\njQuery(document).ready(function($){if($('.twoclick_social_bookmarks_post_1654')){$('.twoclick_social_bookmarks_post_1654').socialSharePrivacy({\"services\":{\"facebook\":{\"status\":\"on\",\"txt_info\":\"2 Klicks f\\u00fcr mehr Datenschutz: Erst wenn Sie hier klicken, wird der Button aktiv und Sie k\\u00f6nnen Ihre Empfehlung an Facebook senden. Schon beim Aktivieren werden Daten an Dritte \\u00fcbertragen - siehe <em>i<\\\/em>.\",\"perma_option\":\"off\",\"action\":\"recommend\",\"language\":\"de_DE\"},\"twitter\":{\"reply_to\":\"\",\"tweet_text\":\"PC%20Lab%20%E2%80%93%20Der%20Computer%20in%20der%20Box%20%C2%BB%2053%20Cent\",\"status\":\"on\",\"txt_info\":\"2 Klicks f\\u00fcr mehr Datenschutz: Erst wenn Sie hier klicken, wird der Button aktiv und Sie k\\u00f6nnen Ihre Empfehlung an Twitter senden. Schon beim Aktivieren werden Daten an Dritte \\u00fcbertragen - siehe <em>i<\\\/em>.\",\"perma_option\":\"off\",\"language\":\"de\",\"referrer_track\":\"\"},\"gplus\":{\"status\":\"on\",\"txt_info\":\"2 Klicks f\\u00fcr mehr Datenschutz: Erst wenn Sie hier klicken, wird der Button aktiv und Sie k\\u00f6nnen Ihre Empfehlung an Google+ senden. Schon beim Aktivieren werden Daten an Dritte \\u00fcbertragen - siehe <em>i<\\\/em>.\",\"perma_option\":\"off\",\"referrer_track\":\"\"},\"flattr\":{\"uid\":\"\",\"status\":\"on\",\"the_title\":\"PC%20Lab%20%26%238211%3B%20Der%20Computer%20in%20der%20Box\",\"the_excerpt\":\"Ich%20habe%20vor%20einem%20Jahr%20dieses%20sch%C3%B6ne%20alte%20Hobby%20wieder%20hervorgesucht%2C%20%20%20weil%20ich%20sehen%20wollte%2C%20ob%20man%20die%20damalige%20Experimentiertechnik%20nicht%20%20%20mit%20modernen%20Weiterentwicklungen%20verkn%C3%BCpfen%20k%C3%B6nnte.%20Und%20so%20sind%20einige%20%20%20Projekte%20entstanden%2C%20mit%20denen%20ich%20sehr%20zufrieden%20war%20-%20und%20auch%20ein%20%20%20paar%2C%20die%20mir%20nicht%20so%20gefallen%20haben.%20Eines%20davon%20war%20die%20Anbindung%20der%20%20%20Experimentierboxen%20an%20einen%20Comp%20...\",\"txt_info\":\"2 Klicks f\\u00fcr mehr Datenschutz: Erst wenn Sie hier klicken, wird der Button aktiv und Sie k\\u00f6nnen Ihre Empfehlung an Flattr senden. Schon beim Aktivieren werden Daten an Dritte \\u00fcbertragen - siehe <em>i<\\\/em>.\",\"perma_option\":\"off\"}},\"txt_help\":\"Wenn Sie diese Felder durch einen Klick aktivieren, werden Informationen an Facebook, Twitter, Flattr, Xing, t3n, LinkedIn, Pinterest oder Google eventuell ins Ausland \\u00fcbertragen und unter Umst\\u00e4nden auch dort gespeichert. N\\u00e4heres erfahren Sie durch einen Klick auf das <em>i<\\\/em>.\",\"settings_perma\":\"Dauerhaft aktivieren und Daten\\u00fcber-tragung zustimmen:\",\"info_link\":\"http:\\\/\\\/www.heise.de\\\/ct\\\/artikel\\\/2-Klicks-fuer-mehr-Datenschutz-1333879.html\",\"uri\":\"https:\\\/\\\/www.brennecke.org\\\/?page_id=1654\",\"post_id\":1654,\"post_title_referrer_track\":\"PC+Lab+%26%238211%3B+Der+Computer+in+der+Box\",\"display_infobox\":\"on\"});}});\n\/* ]]> *\/<\/script><\/div>","protected":false},"excerpt":{"rendered":"<p>Ich habe vor einem Jahr dieses sch\u00f6ne alte Hobby wieder hervorgesucht, weil ich sehen wollte, ob man die damalige Experimentiertechnik nicht mit modernen Weiterentwicklungen verkn\u00fcpfen k\u00f6nnte. Und so sind einige Projekte entstanden, mit denen ich sehr zufrieden war &#8211; und &hellip; <a href=\"https:\/\/www.brennecke.org\/?page_id=1654\">Weiterlesen <span class=\"meta-nav\">&rarr;<\/span><\/a><\/p>\n","protected":false},"author":1,"featured_media":1686,"parent":1067,"menu_order":6,"comment_status":"open","ping_status":"open","template":"","meta":{"footnotes":""},"_links":{"self":[{"href":"https:\/\/www.brennecke.org\/index.php?rest_route=\/wp\/v2\/pages\/1654"}],"collection":[{"href":"https:\/\/www.brennecke.org\/index.php?rest_route=\/wp\/v2\/pages"}],"about":[{"href":"https:\/\/www.brennecke.org\/index.php?rest_route=\/wp\/v2\/types\/page"}],"author":[{"embeddable":true,"href":"https:\/\/www.brennecke.org\/index.php?rest_route=\/wp\/v2\/users\/1"}],"replies":[{"embeddable":true,"href":"https:\/\/www.brennecke.org\/index.php?rest_route=%2Fwp%2Fv2%2Fcomments&post=1654"}],"version-history":[{"count":9,"href":"https:\/\/www.brennecke.org\/index.php?rest_route=\/wp\/v2\/pages\/1654\/revisions"}],"predecessor-version":[{"id":1685,"href":"https:\/\/www.brennecke.org\/index.php?rest_route=\/wp\/v2\/pages\/1654\/revisions\/1685"}],"up":[{"embeddable":true,"href":"https:\/\/www.brennecke.org\/index.php?rest_route=\/wp\/v2\/pages\/1067"}],"wp:featuredmedia":[{"embeddable":true,"href":"https:\/\/www.brennecke.org\/index.php?rest_route=\/wp\/v2\/media\/1686"}],"wp:attachment":[{"href":"https:\/\/www.brennecke.org\/index.php?rest_route=%2Fwp%2Fv2%2Fmedia&parent=1654"}],"curies":[{"name":"wp","href":"https:\/\/api.w.org\/{rel}","templated":true}]}}