{"id":770,"date":"2011-07-01T18:45:52","date_gmt":"2011-07-01T16:45:52","guid":{"rendered":"http:\/\/www.brennecke.org\/?page_id=770"},"modified":"2011-07-31T17:13:31","modified_gmt":"2011-07-31T15:13:31","slug":"acryl-goes-led","status":"publish","type":"page","link":"https:\/\/www.brennecke.org\/?page_id=770","title":{"rendered":"Acryl goes LED (Update)"},"content":{"rendered":"<h1>Umbau eines Acryl-Cinema-Displays auf LED-Beleuchtung<\/h1>\n<p>Gleich vorab &#8211; diese Anleitung enth\u00e4lt nicht die ganze Beschreibung. Apple hat n\u00e4mlich bereits in einem <a href=\"http:\/\/www.google.de\/url?sa=t&amp;source=web&amp;cd=12&amp;ved=0CCMQFjABOAo&amp;url=http%3A%2F%2Fwww.scribd.com%2Fdoc%2F53663171%2FService-Manual-Apple-Cinema-Display-20-inch&amp;rct=j&amp;q=Apple%20Cinema%20Display%20Service%20Manual&amp;ei=OvcNTpT5J4vKtAb987DxDg&amp;usg=AFQjCNHZvWMcbe22wKpR2gH3pavCV4wVgg&amp;cad=rja\">ausf\u00fchrlichen Service Manual<\/a> beschrieben, wie man ein Cinema Display (ACD) fachm\u00e4nnisch \u00f6ffnet. Man findet es unter dem angegebenen Link oder auch bei google mit den Stichw\u00f6rtern &#8222;Apple Cinema Display Service Manual&#8220;. Und keine Sorge &#8211; es gibt Service Manuals ausschlie\u00dflich f\u00fcr die Acryl-Serie. Alle sp\u00e4teren Displays enthalten laut Apple keine austauschbaren oder reparierbaren Teile. Vorsicht: das Entfernen des Fu\u00dfes muss mit h\u00f6chster Vorsicht vorgenommen werden &#8211; denn  dort befindet sich ein kleines Metallteil mit einer Sollbruchstelle.<\/p>\n<p>Ziel der Arbeit war die Umr\u00fcstung der inzwischen doch etwas faden Beleuchtung des ACD gegen eine mit LEDs. Ich wusste bereits aus fr\u00fcheren Projekten, dass dies immer auf ein komplettes Zerlegen des Displays hinausl\u00e4uft, und hier ist es nicht anders: es m\u00fcssen wirklich s\u00e4mtliche Schrauben gel\u00f6st werden, die sich irgendwo am Display befinden. Gl\u00fccklicherweise sind sie alle sehr unterschiedlich, so dass man sp\u00e4ter beim Zusammensetzen nicht viele Fehler machen kann.<\/p>\n<h3>Es geht los<\/h3>\n<p>Die Anleitung beginnt dort, wo das Apple-Servicemanual endet, n\u00e4mlich an einer geschlossenen Metallabdeckung. Die nun zu \u00f6ffnenden Schrauben sind im Bild rot markiert; zwei davon liegen unter den Plastikstreifen. Diese sind \u00fcbrigens reine Zierde, damit man durch die hinteren L\u00f6cher des Displays kein Metall sieht.<\/p>\n<p><a href=\"http:\/\/www.brennecke.org\/wp-content\/uploads\/2011\/07\/IMG_3772.jpg\"><img loading=\"lazy\" decoding=\"async\" class=\"alignnone size-medium wp-image-810\" title=\"IMG_3772\" src=\"http:\/\/www.brennecke.org\/wp-content\/uploads\/2011\/07\/IMG_3772-300x225.jpg\" alt=\"\" width=\"300\" height=\"225\" srcset=\"https:\/\/www.brennecke.org\/wp-content\/uploads\/2011\/07\/IMG_3772-300x225.jpg 300w, https:\/\/www.brennecke.org\/wp-content\/uploads\/2011\/07\/IMG_3772.jpg 1024w\" sizes=\"(max-width: 300px) 100vw, 300px\" \/><\/a> <a href=\"http:\/\/www.brennecke.org\/wp-content\/uploads\/2011\/07\/IMG_3773.jpg\"><img loading=\"lazy\" decoding=\"async\" class=\"alignnone size-medium wp-image-811\" title=\"IMG_3773\" src=\"http:\/\/www.brennecke.org\/wp-content\/uploads\/2011\/07\/IMG_3773-300x225.jpg\" alt=\"\" width=\"300\" height=\"225\" srcset=\"https:\/\/www.brennecke.org\/wp-content\/uploads\/2011\/07\/IMG_3773-300x225.jpg 300w, https:\/\/www.brennecke.org\/wp-content\/uploads\/2011\/07\/IMG_3773.jpg 1024w\" sizes=\"(max-width: 300px) 100vw, 300px\" \/><\/a><\/p>\n<p>Nach dem \u00d6ffnen hat man die Elektronik vor sich. Im rechten Bild sind die beiden Anschl\u00fcsse zum Display markiert, die man am besten bereits jetzt l\u00f6st. Die n\u00e4chsten beiden Bilder zeigen einen Blick auf die beiden USB-Ports (1.1) und den Controller. Grunds\u00e4tzlich k\u00f6nnte man hier einen USB2.0-Controller zwischenschalten, davon habe ich aber erst einmal abgesehen. Der USB-Anschluss wird \u00fcbrigens auch vom Display selbst genutzt &#8211; die Helligkeitskontrolle \u00fcber die Apple-Systemsteuerung wird auf diese Weise umgesetzt.<\/p>\n<p><a href=\"http:\/\/www.brennecke.org\/wp-content\/uploads\/2011\/07\/IMG_3774.jpg\"><img loading=\"lazy\" decoding=\"async\" class=\"alignnone size-medium wp-image-812\" title=\"IMG_3774\" src=\"http:\/\/www.brennecke.org\/wp-content\/uploads\/2011\/07\/IMG_3774-300x225.jpg\" alt=\"\" width=\"300\" height=\"225\" srcset=\"https:\/\/www.brennecke.org\/wp-content\/uploads\/2011\/07\/IMG_3774-300x225.jpg 300w, https:\/\/www.brennecke.org\/wp-content\/uploads\/2011\/07\/IMG_3774.jpg 1024w\" sizes=\"(max-width: 300px) 100vw, 300px\" \/><\/a> <a href=\"http:\/\/www.brennecke.org\/wp-content\/uploads\/2011\/07\/IMG_3775.jpg\"><img loading=\"lazy\" decoding=\"async\" class=\"alignnone size-medium wp-image-813\" title=\"IMG_3775\" src=\"http:\/\/www.brennecke.org\/wp-content\/uploads\/2011\/07\/IMG_3775-300x225.jpg\" alt=\"\" width=\"300\" height=\"225\" srcset=\"https:\/\/www.brennecke.org\/wp-content\/uploads\/2011\/07\/IMG_3775-300x225.jpg 300w, https:\/\/www.brennecke.org\/wp-content\/uploads\/2011\/07\/IMG_3775.jpg 1024w\" sizes=\"(max-width: 300px) 100vw, 300px\" \/><\/a><\/p>\n<p>Die folgenden Bilder zeigen den ausgebauten Inverter und das neue Board, das zuk\u00fcnftig die Steuerung der LEDs (Helligkeit und an\/aus) \u00fcbernehmen wird. Es wird weiter unten beschrieben. Die Kabel stammen noch von den Kaltkathodenr\u00f6hren.<\/p>\n<p><a href=\"..\/wp-content\/uploads\/2011\/07\/IMG_3740.jpg\"><img loading=\"lazy\" decoding=\"async\" title=\"IMG_3740\" src=\"..\/wp-content\/uploads\/2011\/07\/IMG_3740-300x225.jpg\" alt=\"\" width=\"300\" height=\"225\" \/> <\/a><a href=\"http:\/\/www.brennecke.org\/wp-content\/uploads\/2011\/07\/IMG_3776.jpg\"><img loading=\"lazy\" decoding=\"async\" class=\"alignnone size-medium wp-image-814\" title=\"IMG_3776\" src=\"http:\/\/www.brennecke.org\/wp-content\/uploads\/2011\/07\/IMG_3776-300x225.jpg\" alt=\"\" width=\"300\" height=\"225\" srcset=\"https:\/\/www.brennecke.org\/wp-content\/uploads\/2011\/07\/IMG_3776-300x225.jpg 300w, https:\/\/www.brennecke.org\/wp-content\/uploads\/2011\/07\/IMG_3776.jpg 1024w\" sizes=\"(max-width: 300px) 100vw, 300px\" \/><\/a><\/p>\n<p>Die gesamten weiteren Elektronikkomponenten befinden sich auf einem aufgeschraubten Metallrahmen. Dort werden zun\u00e4chst die Metall-Aufkleber gel\u00f6st, die die Kabel f\u00fcr die Hintergrundbeleuchtung abdecken. Danach werden die Schrauben gel\u00f6st, die den Metallrahmen mit dem vorderen Plastikrahmen verbinden. Dabei sind auch die beiden Kabel f\u00fcr den Einschalter und die Helligkeitskontrolle zu l\u00f6sen.<\/p>\n<p><a href=\"http:\/\/www.brennecke.org\/wp-content\/uploads\/2011\/07\/IMG_3778.jpg\"><img loading=\"lazy\" decoding=\"async\" class=\"alignnone size-medium wp-image-816\" title=\"IMG_3778\" src=\"http:\/\/www.brennecke.org\/wp-content\/uploads\/2011\/07\/IMG_3778-300x225.jpg\" alt=\"\" width=\"300\" height=\"225\" srcset=\"https:\/\/www.brennecke.org\/wp-content\/uploads\/2011\/07\/IMG_3778-300x225.jpg 300w, https:\/\/www.brennecke.org\/wp-content\/uploads\/2011\/07\/IMG_3778.jpg 1024w\" sizes=\"(max-width: 300px) 100vw, 300px\" \/><\/a> <a href=\"http:\/\/www.brennecke.org\/wp-content\/uploads\/2011\/07\/IMG_3779.jpg\"><img loading=\"lazy\" decoding=\"async\" class=\"alignnone size-medium wp-image-817\" title=\"IMG_3779\" src=\"http:\/\/www.brennecke.org\/wp-content\/uploads\/2011\/07\/IMG_3779-300x225.jpg\" alt=\"\" width=\"300\" height=\"225\" srcset=\"https:\/\/www.brennecke.org\/wp-content\/uploads\/2011\/07\/IMG_3779-300x225.jpg 300w, https:\/\/www.brennecke.org\/wp-content\/uploads\/2011\/07\/IMG_3779.jpg 1024w\" sizes=\"(max-width: 300px) 100vw, 300px\" \/><\/a><\/p>\n<p><a href=\"http:\/\/www.brennecke.org\/wp-content\/uploads\/2011\/07\/IMG_3780.jpg\"><img loading=\"lazy\" decoding=\"async\" class=\"alignnone size-medium wp-image-818\" title=\"IMG_3780\" src=\"http:\/\/www.brennecke.org\/wp-content\/uploads\/2011\/07\/IMG_3780-300x225.jpg\" alt=\"\" width=\"300\" height=\"225\" srcset=\"https:\/\/www.brennecke.org\/wp-content\/uploads\/2011\/07\/IMG_3780-300x225.jpg 300w, https:\/\/www.brennecke.org\/wp-content\/uploads\/2011\/07\/IMG_3780.jpg 1024w\" sizes=\"(max-width: 300px) 100vw, 300px\" \/><\/a> <a href=\"http:\/\/www.brennecke.org\/wp-content\/uploads\/2011\/07\/IMG_3782.jpg\"><img loading=\"lazy\" decoding=\"async\" class=\"alignnone size-medium wp-image-819\" title=\"IMG_3782\" src=\"http:\/\/www.brennecke.org\/wp-content\/uploads\/2011\/07\/IMG_3782-300x225.jpg\" alt=\"\" width=\"300\" height=\"225\" srcset=\"https:\/\/www.brennecke.org\/wp-content\/uploads\/2011\/07\/IMG_3782-300x225.jpg 300w, https:\/\/www.brennecke.org\/wp-content\/uploads\/2011\/07\/IMG_3782.jpg 1024w\" sizes=\"(max-width: 300px) 100vw, 300px\" \/><\/a><\/p>\n<p>Nach dem Entfernen des Plastikrahmens werden die Gummiabdichtungen der CCFLs entfernt, und der metallene Elektronikrahmen kann abgeschraubt werden. Da die Verbindungen zum Display gel\u00f6st sind, sollte er sich problemlos abheben lassen.<\/p>\n<p><a href=\"http:\/\/www.brennecke.org\/wp-content\/uploads\/2011\/07\/IMG_3784.jpg\"><img loading=\"lazy\" decoding=\"async\" class=\"alignnone size-medium wp-image-820\" title=\"IMG_3784\" src=\"http:\/\/www.brennecke.org\/wp-content\/uploads\/2011\/07\/IMG_3784-300x225.jpg\" alt=\"\" width=\"300\" height=\"225\" srcset=\"https:\/\/www.brennecke.org\/wp-content\/uploads\/2011\/07\/IMG_3784-300x225.jpg 300w, https:\/\/www.brennecke.org\/wp-content\/uploads\/2011\/07\/IMG_3784.jpg 1024w\" sizes=\"(max-width: 300px) 100vw, 300px\" \/><\/a> <a href=\"http:\/\/www.brennecke.org\/wp-content\/uploads\/2011\/07\/IMG_3785.jpg\"><img loading=\"lazy\" decoding=\"async\" class=\"alignnone size-medium wp-image-821\" title=\"IMG_3785\" src=\"http:\/\/www.brennecke.org\/wp-content\/uploads\/2011\/07\/IMG_3785-300x225.jpg\" alt=\"\" width=\"300\" height=\"225\" srcset=\"https:\/\/www.brennecke.org\/wp-content\/uploads\/2011\/07\/IMG_3785-300x225.jpg 300w, https:\/\/www.brennecke.org\/wp-content\/uploads\/2011\/07\/IMG_3785.jpg 1024w\" sizes=\"(max-width: 300px) 100vw, 300px\" \/><\/a><\/p>\n<p><a href=\"http:\/\/www.brennecke.org\/wp-content\/uploads\/2011\/07\/IMG_3787.jpg\"><img loading=\"lazy\" decoding=\"async\" class=\"alignnone size-medium wp-image-822\" title=\"IMG_3787\" src=\"http:\/\/www.brennecke.org\/wp-content\/uploads\/2011\/07\/IMG_3787-300x225.jpg\" alt=\"\" width=\"300\" height=\"225\" srcset=\"https:\/\/www.brennecke.org\/wp-content\/uploads\/2011\/07\/IMG_3787-300x225.jpg 300w, https:\/\/www.brennecke.org\/wp-content\/uploads\/2011\/07\/IMG_3787.jpg 1024w\" sizes=\"(max-width: 300px) 100vw, 300px\" \/><\/a> <a href=\"http:\/\/www.brennecke.org\/wp-content\/uploads\/2011\/07\/IMG_3789.jpg\"><img loading=\"lazy\" decoding=\"async\" class=\"alignnone size-medium wp-image-823\" title=\"IMG_3789\" src=\"http:\/\/www.brennecke.org\/wp-content\/uploads\/2011\/07\/IMG_3789-300x225.jpg\" alt=\"\" width=\"300\" height=\"225\" srcset=\"https:\/\/www.brennecke.org\/wp-content\/uploads\/2011\/07\/IMG_3789-300x225.jpg 300w, https:\/\/www.brennecke.org\/wp-content\/uploads\/2011\/07\/IMG_3789.jpg 1024w\" sizes=\"(max-width: 300px) 100vw, 300px\" \/><\/a><\/p>\n<p>Als n\u00e4chstes wird die Abdeckung des LCD-Panels entfernt. Sie ist oben eingerastet, ein Spachtel leistet hier gute Dienste. Der Ausbau des Panels erfordert auch das L\u00f6sen eines geklebten   Flachbandkabels.<\/p>\n<p><a href=\"..\/wp-content\/uploads\/2011\/07\/IMG_3793.jpg\"><img loading=\"lazy\" decoding=\"async\" title=\"IMG_3793\" src=\"..\/wp-content\/uploads\/2011\/07\/IMG_3793-300x225.jpg\" alt=\"\" width=\"300\" height=\"225\" \/> <\/a><a href=\"http:\/\/www.brennecke.org\/wp-content\/uploads\/2011\/07\/IMG_3791.jpg\"><img loading=\"lazy\" decoding=\"async\" class=\"alignnone size-medium wp-image-824\" title=\"IMG_3791\" src=\"http:\/\/www.brennecke.org\/wp-content\/uploads\/2011\/07\/IMG_3791-300x225.jpg\" alt=\"\" width=\"300\" height=\"225\" srcset=\"https:\/\/www.brennecke.org\/wp-content\/uploads\/2011\/07\/IMG_3791-300x225.jpg 300w, https:\/\/www.brennecke.org\/wp-content\/uploads\/2011\/07\/IMG_3791.jpg 1024w\" sizes=\"(max-width: 300px) 100vw, 300px\" \/><\/a><\/p>\n<p><a href=\"http:\/\/www.brennecke.org\/wp-content\/uploads\/2011\/07\/IMG_3796.jpg\"><img loading=\"lazy\" decoding=\"async\" class=\"alignnone size-medium wp-image-827\" title=\"IMG_3796\" src=\"http:\/\/www.brennecke.org\/wp-content\/uploads\/2011\/07\/IMG_3796-300x225.jpg\" alt=\"\" width=\"300\" height=\"225\" srcset=\"https:\/\/www.brennecke.org\/wp-content\/uploads\/2011\/07\/IMG_3796-300x225.jpg 300w, https:\/\/www.brennecke.org\/wp-content\/uploads\/2011\/07\/IMG_3796.jpg 1024w\" sizes=\"(max-width: 300px) 100vw, 300px\" \/><\/a> <a href=\"http:\/\/www.brennecke.org\/wp-content\/uploads\/2011\/07\/IMG_3797.jpg\"><img loading=\"lazy\" decoding=\"async\" class=\"alignnone size-medium wp-image-828\" title=\"IMG_3797\" src=\"http:\/\/www.brennecke.org\/wp-content\/uploads\/2011\/07\/IMG_3797-300x225.jpg\" alt=\"\" width=\"300\" height=\"225\" srcset=\"https:\/\/www.brennecke.org\/wp-content\/uploads\/2011\/07\/IMG_3797-300x225.jpg 300w, https:\/\/www.brennecke.org\/wp-content\/uploads\/2011\/07\/IMG_3797.jpg 1024w\" sizes=\"(max-width: 300px) 100vw, 300px\" \/><\/a><\/p>\n<p>Die Verriegelung des Kabels l\u00e4sst sich mit einem   kleinen  Uhrmacherschraubenzieher nach oben klappen, danach kann das    Flachbandkabel aus dem Stecker herausgezogen werden.<\/p>\n<p>Danach liegt das Display in einem weiteren Metallrahmen auf dem Tisch. Dieser ist mit einigen Schrauben und Klebefolien mit dem Display verbunden. Er wird komplett vom Display getrennt und kann dann entfernt werden.<\/p>\n<p><a href=\"http:\/\/www.brennecke.org\/wp-content\/uploads\/2011\/07\/IMG_3709.jpg\"><img loading=\"lazy\" decoding=\"async\" class=\"alignnone size-medium wp-image-776\" title=\"IMG_3709\" src=\"http:\/\/www.brennecke.org\/wp-content\/uploads\/2011\/07\/IMG_3709-300x225.jpg\" alt=\"\" width=\"300\" height=\"225\" srcset=\"https:\/\/www.brennecke.org\/wp-content\/uploads\/2011\/07\/IMG_3709-300x225.jpg 300w, https:\/\/www.brennecke.org\/wp-content\/uploads\/2011\/07\/IMG_3709.jpg 1024w\" sizes=\"(max-width: 300px) 100vw, 300px\" \/><\/a> <a href=\"http:\/\/www.brennecke.org\/wp-content\/uploads\/2011\/07\/IMG_3798.jpg\"><img loading=\"lazy\" decoding=\"async\" class=\"alignnone size-medium wp-image-829\" title=\"IMG_3798\" src=\"http:\/\/www.brennecke.org\/wp-content\/uploads\/2011\/07\/IMG_3798-300x225.jpg\" alt=\"\" width=\"300\" height=\"225\" srcset=\"https:\/\/www.brennecke.org\/wp-content\/uploads\/2011\/07\/IMG_3798-300x225.jpg 300w, https:\/\/www.brennecke.org\/wp-content\/uploads\/2011\/07\/IMG_3798.jpg 1024w\" sizes=\"(max-width: 300px) 100vw, 300px\" \/><\/a><\/p>\n<p><a href=\"http:\/\/www.brennecke.org\/wp-content\/uploads\/2011\/07\/IMG_3799.jpg\"><img loading=\"lazy\" decoding=\"async\" class=\"alignnone size-medium wp-image-830\" title=\"IMG_3799\" src=\"http:\/\/www.brennecke.org\/wp-content\/uploads\/2011\/07\/IMG_3799-300x225.jpg\" alt=\"\" width=\"300\" height=\"225\" srcset=\"https:\/\/www.brennecke.org\/wp-content\/uploads\/2011\/07\/IMG_3799-300x225.jpg 300w, https:\/\/www.brennecke.org\/wp-content\/uploads\/2011\/07\/IMG_3799.jpg 1024w\" sizes=\"(max-width: 300px) 100vw, 300px\" \/><\/a> <a href=\"http:\/\/www.brennecke.org\/wp-content\/uploads\/2011\/07\/IMG_3802.jpg\"><img loading=\"lazy\" decoding=\"async\" class=\"alignnone size-medium wp-image-831\" title=\"IMG_3802\" src=\"http:\/\/www.brennecke.org\/wp-content\/uploads\/2011\/07\/IMG_3802-300x225.jpg\" alt=\"\" width=\"300\" height=\"225\" srcset=\"https:\/\/www.brennecke.org\/wp-content\/uploads\/2011\/07\/IMG_3802-300x225.jpg 300w, https:\/\/www.brennecke.org\/wp-content\/uploads\/2011\/07\/IMG_3802.jpg 1024w\" sizes=\"(max-width: 300px) 100vw, 300px\" \/><\/a><\/p>\n<p>Sp\u00e4testens hier bemerkt man, dass der gerne gegebene Tipp, bei einem Ausfall einfach die R\u00f6hren zu tauschen, offenbar nur von Leuten stammen kann, die das noch nie gemacht haben. Denn nun werden die allerletzten, sehr kleinen Schrauben gel\u00f6st, damit man den verbliebenen Metallrahmen mit Hilfe eines Spachtels vom Kunststoffrahmen trennen kann.<\/p>\n<p><a href=\"http:\/\/www.brennecke.org\/wp-content\/uploads\/2011\/07\/IMG_3711.jpg\"><img loading=\"lazy\" decoding=\"async\" class=\"alignnone size-medium wp-image-777\" title=\"IMG_3711\" src=\"http:\/\/www.brennecke.org\/wp-content\/uploads\/2011\/07\/IMG_3711-300x225.jpg\" alt=\"\" width=\"300\" height=\"225\" srcset=\"https:\/\/www.brennecke.org\/wp-content\/uploads\/2011\/07\/IMG_3711-300x225.jpg 300w, https:\/\/www.brennecke.org\/wp-content\/uploads\/2011\/07\/IMG_3711.jpg 1024w\" sizes=\"(max-width: 300px) 100vw, 300px\" \/><\/a> <a href=\"http:\/\/www.brennecke.org\/wp-content\/uploads\/2011\/07\/IMG_3714.jpg\"><img loading=\"lazy\" decoding=\"async\" class=\"alignnone size-medium wp-image-778\" title=\"IMG_3714\" src=\"http:\/\/www.brennecke.org\/wp-content\/uploads\/2011\/07\/IMG_3714-300x225.jpg\" alt=\"\" width=\"300\" height=\"225\" srcset=\"https:\/\/www.brennecke.org\/wp-content\/uploads\/2011\/07\/IMG_3714-300x225.jpg 300w, https:\/\/www.brennecke.org\/wp-content\/uploads\/2011\/07\/IMG_3714.jpg 1024w\" sizes=\"(max-width: 300px) 100vw, 300px\" \/><\/a><\/p>\n<p><a href=\"..\/wp-content\/uploads\/2011\/07\/IMG_3804.jpg\"><img loading=\"lazy\" decoding=\"async\" title=\"IMG_3804\" src=\"..\/wp-content\/uploads\/2011\/07\/IMG_3804-300x225.jpg\" alt=\"\" width=\"300\" height=\"225\" \/> <\/a><a href=\"http:\/\/www.brennecke.org\/wp-content\/uploads\/2011\/07\/IMG_3805.jpg\"><img loading=\"lazy\" decoding=\"async\" class=\"alignnone size-medium wp-image-833\" title=\"IMG_3805\" src=\"http:\/\/www.brennecke.org\/wp-content\/uploads\/2011\/07\/IMG_3805-300x225.jpg\" alt=\"\" width=\"300\" height=\"225\" srcset=\"https:\/\/www.brennecke.org\/wp-content\/uploads\/2011\/07\/IMG_3805-300x225.jpg 300w, https:\/\/www.brennecke.org\/wp-content\/uploads\/2011\/07\/IMG_3805.jpg 1024w\" sizes=\"(max-width: 300px) 100vw, 300px\" \/><\/a><\/p>\n<p><a href=\"http:\/\/www.brennecke.org\/wp-content\/uploads\/2011\/07\/IMG_3807.jpg\"><img loading=\"lazy\" decoding=\"async\" class=\"alignnone size-medium wp-image-834\" title=\"IMG_3807\" src=\"http:\/\/www.brennecke.org\/wp-content\/uploads\/2011\/07\/IMG_3807-300x225.jpg\" alt=\"\" width=\"300\" height=\"225\" srcset=\"https:\/\/www.brennecke.org\/wp-content\/uploads\/2011\/07\/IMG_3807-300x225.jpg 300w, https:\/\/www.brennecke.org\/wp-content\/uploads\/2011\/07\/IMG_3807.jpg 1024w\" sizes=\"(max-width: 300px) 100vw, 300px\" \/><\/a> <a href=\"http:\/\/www.brennecke.org\/wp-content\/uploads\/2011\/07\/IMG_3809.jpg\"><img loading=\"lazy\" decoding=\"async\" class=\"alignnone size-medium wp-image-835\" title=\"IMG_3809\" src=\"http:\/\/www.brennecke.org\/wp-content\/uploads\/2011\/07\/IMG_3809-300x225.jpg\" alt=\"\" width=\"300\" height=\"225\" srcset=\"https:\/\/www.brennecke.org\/wp-content\/uploads\/2011\/07\/IMG_3809-300x225.jpg 300w, https:\/\/www.brennecke.org\/wp-content\/uploads\/2011\/07\/IMG_3809.jpg 1024w\" sizes=\"(max-width: 300px) 100vw, 300px\" \/><\/a><\/p>\n<p>Und noch immer scheinen die R\u00f6hren fest mit dem Restpanel verbunden. Nachdem man die beiden Abdeckungen f\u00fcr die Kabelzuf\u00fchrungen entfernt hat, kann man mit Spachtel, Schraubenzieher und etwas Gewalt nun die beiden Metallrahmen am oberen und unteren Rand des Panels entfernen. Dann sieht man im Inneren der Rahmen die jeweils drei Kaltkathodenr\u00f6hren. Sie sind verklebt und m\u00fchsam zu entfernen. Vorsicht: sie zerbrechen auch sehr leicht. Die folgenden Bilder zeigt sie bereits im ausgebauten Zustand.<\/p>\n<p><a href=\"http:\/\/www.brennecke.org\/wp-content\/uploads\/2011\/07\/IMG_3812.jpg\"><img loading=\"lazy\" decoding=\"async\" class=\"alignnone size-medium wp-image-836\" title=\"IMG_3812\" src=\"http:\/\/www.brennecke.org\/wp-content\/uploads\/2011\/07\/IMG_3812-300x225.jpg\" alt=\"\" width=\"300\" height=\"225\" srcset=\"https:\/\/www.brennecke.org\/wp-content\/uploads\/2011\/07\/IMG_3812-300x225.jpg 300w, https:\/\/www.brennecke.org\/wp-content\/uploads\/2011\/07\/IMG_3812.jpg 1024w\" sizes=\"(max-width: 300px) 100vw, 300px\" \/><\/a> <a href=\"http:\/\/www.brennecke.org\/wp-content\/uploads\/2011\/07\/IMG_3813.jpg\"><img loading=\"lazy\" decoding=\"async\" class=\"alignnone size-medium wp-image-837\" title=\"IMG_3813\" src=\"http:\/\/www.brennecke.org\/wp-content\/uploads\/2011\/07\/IMG_3813-300x225.jpg\" alt=\"\" width=\"300\" height=\"225\" srcset=\"https:\/\/www.brennecke.org\/wp-content\/uploads\/2011\/07\/IMG_3813-300x225.jpg 300w, https:\/\/www.brennecke.org\/wp-content\/uploads\/2011\/07\/IMG_3813.jpg 1024w\" sizes=\"(max-width: 300px) 100vw, 300px\" \/><\/a><\/p>\n<p>Ich habe die Anschlusskabel wiederverwendet, um die LEDs anzuschlie\u00dfen. Das geht allerdings nicht ganz zerst\u00f6rungsfrei. Man muss im Abschlussgummi drei Schnitte machen, um die Kabel herausziehen zu k\u00f6nnen.<\/p>\n<p><a href=\"http:\/\/www.brennecke.org\/wp-content\/uploads\/2011\/07\/IMG_3814.jpg\"><img loading=\"lazy\" decoding=\"async\" class=\"alignnone size-medium wp-image-838\" title=\"IMG_3814\" src=\"http:\/\/www.brennecke.org\/wp-content\/uploads\/2011\/07\/IMG_3814-300x225.jpg\" alt=\"\" width=\"300\" height=\"225\" srcset=\"https:\/\/www.brennecke.org\/wp-content\/uploads\/2011\/07\/IMG_3814-300x225.jpg 300w, https:\/\/www.brennecke.org\/wp-content\/uploads\/2011\/07\/IMG_3814.jpg 1024w\" sizes=\"(max-width: 300px) 100vw, 300px\" \/><\/a><\/p>\n<h3>Einbau der LEDs<\/h3>\n<p>Nun erfolgt der Einbau der LED-Beleuchtung. Diese wird auf Rollen bereits fertig aufgel\u00f6tet geliefert. F\u00fcr das gro\u00dfe Display ben\u00f6tigt man eine recht hohe Lichtst\u00e4rke, deshalb gen\u00fcgt es nicht, einfach nur einen Streifen mit LEDs in die Rahmen einzukleben. Das Ergebnis ist dann recht d\u00fcster und nur f\u00fcr schlecht beleuchtete R\u00e4ume tauglich.<\/p>\n<p>F\u00fcr eine h\u00f6here Lichtausbeute faltete ich die LED-Streifen, so dass insgesamt doppelt so viele LEDs auf der gleichen L\u00e4nge eingesetzt werden konnten.<\/p>\n<p><a href=\"http:\/\/www.brennecke.org\/wp-content\/uploads\/2011\/07\/IMG_3717.jpg\"><img loading=\"lazy\" decoding=\"async\" class=\"alignnone size-medium wp-image-781\" title=\"IMG_3717\" src=\"http:\/\/www.brennecke.org\/wp-content\/uploads\/2011\/07\/IMG_3717-300x225.jpg\" alt=\"\" width=\"300\" height=\"225\" srcset=\"https:\/\/www.brennecke.org\/wp-content\/uploads\/2011\/07\/IMG_3717-300x225.jpg 300w, https:\/\/www.brennecke.org\/wp-content\/uploads\/2011\/07\/IMG_3717.jpg 1024w\" sizes=\"(max-width: 300px) 100vw, 300px\" \/><\/a> <a href=\"http:\/\/www.brennecke.org\/wp-content\/uploads\/2011\/07\/IMG_3721.jpg\"><img loading=\"lazy\" decoding=\"async\" class=\"alignnone size-medium wp-image-783\" title=\"IMG_3721\" src=\"http:\/\/www.brennecke.org\/wp-content\/uploads\/2011\/07\/IMG_3721-300x225.jpg\" alt=\"\" width=\"300\" height=\"225\" srcset=\"https:\/\/www.brennecke.org\/wp-content\/uploads\/2011\/07\/IMG_3721-300x225.jpg 300w, https:\/\/www.brennecke.org\/wp-content\/uploads\/2011\/07\/IMG_3721.jpg 1024w\" sizes=\"(max-width: 300px) 100vw, 300px\" \/><\/a><\/p>\n<p>Die LED-Streifen sind zwar selbstklebend, nach der Faltung haftet der Kleber auch aufgrund der Unebenheiten aber nicht mehr gut. Daher habe ich die Streifen auf eine Lage doppelseitiges Klebeband aufgebracht, das ich in die beiden Metallrahmen eingesetzt hatte. Es wird im Baumarkt auch als Teppichklebeband angeboten und haftet besser als jede andere Verbindung.<\/p>\n<p><a href=\"http:\/\/www.brennecke.org\/wp-content\/uploads\/2011\/07\/IMG_3815.jpg\"><img loading=\"lazy\" decoding=\"async\" class=\"alignnone size-medium wp-image-839\" title=\"IMG_3815\" src=\"http:\/\/www.brennecke.org\/wp-content\/uploads\/2011\/07\/IMG_3815-300x225.jpg\" alt=\"\" width=\"300\" height=\"225\" srcset=\"https:\/\/www.brennecke.org\/wp-content\/uploads\/2011\/07\/IMG_3815-300x225.jpg 300w, https:\/\/www.brennecke.org\/wp-content\/uploads\/2011\/07\/IMG_3815.jpg 1024w\" sizes=\"(max-width: 300px) 100vw, 300px\" \/><\/a> <a href=\"http:\/\/www.brennecke.org\/wp-content\/uploads\/2011\/07\/IMG_3816.jpg\"><img loading=\"lazy\" decoding=\"async\" class=\"alignnone size-medium wp-image-840\" title=\"IMG_3816\" src=\"http:\/\/www.brennecke.org\/wp-content\/uploads\/2011\/07\/IMG_3816-300x225.jpg\" alt=\"\" width=\"300\" height=\"225\" srcset=\"https:\/\/www.brennecke.org\/wp-content\/uploads\/2011\/07\/IMG_3816-300x225.jpg 300w, https:\/\/www.brennecke.org\/wp-content\/uploads\/2011\/07\/IMG_3816.jpg 1024w\" sizes=\"(max-width: 300px) 100vw, 300px\" \/><\/a><\/p>\n<p>Es wird Zeit f\u00fcr einen ersten Test &#8211; die LED-Zeile sollte gleichm\u00e4\u00dfig und vor allem hell erstrahlen.<\/p>\n<p>Danach erfolgt der Zusammenbau des Displays. Es scheint zun\u00e4chst, als m\u00fcssten die beiden Metallprofile mit den LEDs \u00fcber die R\u00e4nder des Displays geschoben werden. Daran kann man sich versuchen und wird scheitern. Die LED-Metallprofile haben jedoch im Kunststoffrahmen auch neben dem Panel ausreichend Platz, so dass man alles an einer Stelle zusammensetzen kann. Es ist nur Vorsicht geboten bei den Diffusorfolien, die leicht verrutschen. Sie d\u00fcrfen keine Knicke bekommen. Der weitere Zusammenbau &#8211; Panel einsetzen, Metallrahmen aufsetzen, mit Platinenboard verbinden usw. &#8211; erfolgt in genau umgekehrter Richtung wie der Ausbau und erfordert keine speziellen Ma\u00dfnahmen.<\/p>\n<h3>Elektrischer Anschluss<\/h3>\n<p>Die folgenden Bilder zeigen die elektrische Verdrahtung. Die beiden LED-Streifen werden mit 12 Volt betrieben; der urspr\u00fcngliche Inverter liefert etwa 25 Volt. Man kann daher getrost die beiden Streifen hintereinander schalten und mit Pin 4\/7\/8 (Minus) und Pin 9\/10 (Plus) des zum Inverter f\u00fchrenden Kabels verbinden. Ein L\u00f6tkolben und etwas Schrumpfschlauch zur Isolierung sind hilfreich.<\/p>\n<p><a href=\"http:\/\/www.brennecke.org\/wp-content\/uploads\/2011\/07\/IMG_3724.jpg\"><img loading=\"lazy\" decoding=\"async\" class=\"alignnone size-medium wp-image-784\" title=\"IMG_3724\" src=\"http:\/\/www.brennecke.org\/wp-content\/uploads\/2011\/07\/IMG_3724-300x225.jpg\" alt=\"\" width=\"300\" height=\"225\" srcset=\"https:\/\/www.brennecke.org\/wp-content\/uploads\/2011\/07\/IMG_3724-300x225.jpg 300w, https:\/\/www.brennecke.org\/wp-content\/uploads\/2011\/07\/IMG_3724.jpg 1024w\" sizes=\"(max-width: 300px) 100vw, 300px\" \/><\/a> <a href=\"http:\/\/www.brennecke.org\/wp-content\/uploads\/2011\/07\/IMG_3725.jpg\"><img loading=\"lazy\" decoding=\"async\" class=\"alignnone size-medium wp-image-785\" title=\"IMG_3725\" src=\"http:\/\/www.brennecke.org\/wp-content\/uploads\/2011\/07\/IMG_3725-300x225.jpg\" alt=\"\" width=\"300\" height=\"225\" srcset=\"https:\/\/www.brennecke.org\/wp-content\/uploads\/2011\/07\/IMG_3725-300x225.jpg 300w, https:\/\/www.brennecke.org\/wp-content\/uploads\/2011\/07\/IMG_3725.jpg 1024w\" sizes=\"(max-width: 300px) 100vw, 300px\" \/><\/a><\/p>\n<p><a href=\"http:\/\/www.brennecke.org\/wp-content\/uploads\/2011\/07\/IMG_3727.jpg\"><img loading=\"lazy\" decoding=\"async\" class=\"alignnone size-medium wp-image-786\" title=\"IMG_3727\" src=\"http:\/\/www.brennecke.org\/wp-content\/uploads\/2011\/07\/IMG_3727-300x225.jpg\" alt=\"\" width=\"300\" height=\"225\" srcset=\"https:\/\/www.brennecke.org\/wp-content\/uploads\/2011\/07\/IMG_3727-300x225.jpg 300w, https:\/\/www.brennecke.org\/wp-content\/uploads\/2011\/07\/IMG_3727.jpg 1024w\" sizes=\"(max-width: 300px) 100vw, 300px\" \/><\/a> <a href=\"http:\/\/www.brennecke.org\/wp-content\/uploads\/2011\/07\/IMG_3728.jpg\"><img loading=\"lazy\" decoding=\"async\" class=\"alignnone size-medium wp-image-787\" title=\"IMG_3728\" src=\"http:\/\/www.brennecke.org\/wp-content\/uploads\/2011\/07\/IMG_3728-300x225.jpg\" alt=\"\" width=\"300\" height=\"225\" srcset=\"https:\/\/www.brennecke.org\/wp-content\/uploads\/2011\/07\/IMG_3728-300x225.jpg 300w, https:\/\/www.brennecke.org\/wp-content\/uploads\/2011\/07\/IMG_3728.jpg 1024w\" sizes=\"(max-width: 300px) 100vw, 300px\" \/><\/a><\/p>\n<p>Damit l\u00e4sst sich das Display noch nicht dunkel schalten &#8211; es bleibt beim Standby-Modus dunkelgrau erleuchtet.Au\u00dferdem l\u00e4sst sich die Helligkeit nicht regeln, und zu allem \u00dcberfluss blinkt die Power-LED \u00fcberdeutlich das Signal &#8222;kurz-kurz-lang&#8220;. <a title=\"Apple: Codes f\u00fcr ACD-Blinken\" href=\"http:\/\/support.apple.com\/kb\/HT2811?viewlocale=de_DE&amp;locale=de_DE\">Dieser Code<\/a> weist darauf hin, dass es ein Problem mit der Hintergrundbeleuchtung  gibt &#8211; was streng genommen richtig ist, denn sie liegt ja ausgebaut  neben dem Display.<\/p>\n<p>F\u00fcr all diese Probleme existiert jedoch eine L\u00f6sung, die ich nach eingehender Suche im Internet und mit etwas Bastelerfahrung entwerfen konnte.Es folgt zun\u00e4chst einmal die entschl\u00fcsselte Pin-Belegung des Inverterkabels:<\/p>\n<blockquote><p>1 &#8211; Brightness (bright=0..4,8V=dark)<br \/>\n2,6 &#8211; Backlight Control &#8211; here  the Inverter reports normal operating backlights with 0V (ground). On the ACD logic board, these wires have to be  connected to ground to simulate a normal behaviour.<br \/>\n3 &#8211; +5V low power supply<br \/>\n4,7,8 &#8211; Ground<br \/>\n5 &#8211; Display on (3.5V)\/off (0V)<br \/>\n9,10 &#8211; +25V power supply<\/p><\/blockquote>\n<p>\u00dcber Pin 5 steht also eine Spannung von ca. 3,5 Volt zur Verf\u00fcgung, wenn das Display eingeschaltet sein soll. Pin 1 liefert zudem eine analoge Spannung von 0 bis 4,8 Volt und m\u00f6chte damit \u00fcbermitteln, wie hell das Display sein soll. Sinnigerweise bedeutet 0 Volt &#8222;hell&#8220; und 4,8 Volt &#8222;dunkel&#8220;.<\/p>\n<p>Der Fehlercode an der Power-LED wird ausgegeben, wenn die Pins 2 und 6 nicht an Masse liegen. Offenbar steuert beim Original-Inverter eine kleine Schaltung, welche Spannung diese Pins f\u00fchren. Es gen\u00fcgt nicht, sie einfach nicht anzuschlie\u00dfen; beide m\u00fcssen auf Masse gelegt werden.<\/p>\n<p>Die folgende Schaltung ber\u00fccksichtigt all dies und steuert die Helligkeit durch eine Pulswellenmodulation (PWM). Das verwendet Bauteil, ein TL494, ist speziell daf\u00fcr vorgesehen. Die beiden MOSFET-Transistoren vom Typ BUZ11 steuern Ein\/Aus und das Pulsverh\u00e4ltnis. Wahrscheinlich gen\u00fcgt hier auch einer, aber ich wollte die Helligkeitsregelung vom Ein-Ausschalten trennen. Als Anschlussstecker zu den LEDs dient einer der Originalstecker des Inverters, den ich wiederverwendet habe.<\/p>\n<p><a href=\"..\/wp-content\/uploads\/2011\/07\/IMG_3765.jpg\"><img loading=\"lazy\" decoding=\"async\" title=\"IMG_3765\" src=\"..\/wp-content\/uploads\/2011\/07\/IMG_3765-300x225.jpg\" alt=\"\" width=\"300\" height=\"225\" \/><\/a> <a href=\"http:\/\/www.brennecke.org\/wp-content\/uploads\/2011\/07\/IMG_3767.jpg\"><img loading=\"lazy\" decoding=\"async\" class=\"alignnone size-medium wp-image-844\" title=\"IMG_3767\" src=\"http:\/\/www.brennecke.org\/wp-content\/uploads\/2011\/07\/IMG_3767-300x225.jpg\" alt=\"\" width=\"300\" height=\"225\" srcset=\"https:\/\/www.brennecke.org\/wp-content\/uploads\/2011\/07\/IMG_3767-300x225.jpg 300w, https:\/\/www.brennecke.org\/wp-content\/uploads\/2011\/07\/IMG_3767.jpg 1024w\" sizes=\"(max-width: 300px) 100vw, 300px\" \/><\/a><\/p>\n<p><a href=\"http:\/\/www.brennecke.org\/wp-content\/uploads\/2011\/07\/IMG_3777.jpg\"><img loading=\"lazy\" decoding=\"async\" class=\"alignnone size-medium wp-image-815\" title=\"IMG_3777\" src=\"http:\/\/www.brennecke.org\/wp-content\/uploads\/2011\/07\/IMG_3777-300x225.jpg\" alt=\"\" width=\"300\" height=\"225\" srcset=\"https:\/\/www.brennecke.org\/wp-content\/uploads\/2011\/07\/IMG_3777-300x225.jpg 300w, https:\/\/www.brennecke.org\/wp-content\/uploads\/2011\/07\/IMG_3777.jpg 1024w\" sizes=\"(max-width: 300px) 100vw, 300px\" \/><\/a> <a href=\"http:\/\/www.brennecke.org\/wp-content\/uploads\/2011\/07\/IMG_3776.jpg\"><img loading=\"lazy\" decoding=\"async\" class=\"alignnone size-medium wp-image-814\" title=\"IMG_3776\" src=\"http:\/\/www.brennecke.org\/wp-content\/uploads\/2011\/07\/IMG_3776-300x225.jpg\" alt=\"\" width=\"300\" height=\"225\" srcset=\"https:\/\/www.brennecke.org\/wp-content\/uploads\/2011\/07\/IMG_3776-300x225.jpg 300w, https:\/\/www.brennecke.org\/wp-content\/uploads\/2011\/07\/IMG_3776.jpg 1024w\" sizes=\"(max-width: 300px) 100vw, 300px\" \/><\/a><\/p>\n<p>Ich hatte zun\u00e4chst mit analogen Komponenten experimentiert &#8211; das Ergebnis war allerdings wegen einer W\u00e4rmeentwicklung nicht zufriedenstellend. Zudem behalten die LEDs ihre Lichtfarbe, wenn man sie per PWM dimmt. Wenn man nur den Strom verringert, werden sie gelblicher.<\/p>\n<p>Im folgenden ist die Schaltung samt Best\u00fcckungsplan dargestellt. Die Schaltung wurde dann mit ein paar Unterlegscheiben auf die bereits vorhandenen L\u00f6cher der urspr\u00fcnglichen Inverterbefestigung geschraubt.<\/p>\n<p><a href=\"http:\/\/www.brennecke.org\/wp-content\/uploads\/2011\/07\/IMG_3826.jpg\"><img loading=\"lazy\" decoding=\"async\" class=\"alignnone size-medium wp-image-850\" title=\"IMG_3826\" src=\"http:\/\/www.brennecke.org\/wp-content\/uploads\/2011\/07\/IMG_3826-300x225.jpg\" alt=\"\" width=\"300\" height=\"225\" srcset=\"https:\/\/www.brennecke.org\/wp-content\/uploads\/2011\/07\/IMG_3826-300x225.jpg 300w, https:\/\/www.brennecke.org\/wp-content\/uploads\/2011\/07\/IMG_3826.jpg 1024w\" sizes=\"(max-width: 300px) 100vw, 300px\" \/><\/a> <a href=\"http:\/\/www.brennecke.org\/wp-content\/uploads\/2011\/07\/IMG_3765-2.jpg\"><img loading=\"lazy\" decoding=\"async\" class=\"alignnone size-medium wp-image-849\" title=\"IMG_3765-2\" src=\"http:\/\/www.brennecke.org\/wp-content\/uploads\/2011\/07\/IMG_3765-2-300x225.jpg\" alt=\"\" width=\"300\" height=\"225\" srcset=\"https:\/\/www.brennecke.org\/wp-content\/uploads\/2011\/07\/IMG_3765-2-300x225.jpg 300w, https:\/\/www.brennecke.org\/wp-content\/uploads\/2011\/07\/IMG_3765-2.jpg 1024w\" sizes=\"(max-width: 300px) 100vw, 300px\" \/><\/a><\/p>\n<p>Nun kann erstmals ein Test erfolgen. Das Display wurde an meinen Cube angeschlossen, der die altert\u00fcmliche ACD-Schnittstelle noch besitzt.<\/p>\n<h2>Update<\/h2>\n<p>Der Umbau funktioniert in gleicher Weise auch mit dem kleineren 15&#8243;-Studio-Display. Dort baut man die beiden R\u00f6hren samt der Metallumh\u00fcllung komplett aus und braucht dann 2&#215;42 LEDs. Die 15&#8243;-Studio-Displays arbeiten allerdings mit 12V Betriebsspannung &#8211; hier werden die beiden LED-Streifen daher parallel angeschlossen. Der neue Inverter selbst braucht nicht modifiziert zu werden; er arbeitet auch mit 12V Eingangsspannung. Auch die Pinbelegung ist beim kleinen Display exakt die gleiche wie beim gro\u00dfen.<\/p>\n<p><a href=\"http:\/\/www.brennecke.org\/wp-content\/uploads\/2011\/07\/IMG_3818.jpg\"><img loading=\"lazy\" decoding=\"async\" class=\"alignnone size-medium wp-image-841\" title=\"IMG_3818\" src=\"http:\/\/www.brennecke.org\/wp-content\/uploads\/2011\/07\/IMG_3818-300x225.jpg\" alt=\"\" width=\"300\" height=\"225\" srcset=\"https:\/\/www.brennecke.org\/wp-content\/uploads\/2011\/07\/IMG_3818-300x225.jpg 300w, https:\/\/www.brennecke.org\/wp-content\/uploads\/2011\/07\/IMG_3818.jpg 1024w\" sizes=\"(max-width: 300px) 100vw, 300px\" \/><\/a> <a href=\"http:\/\/www.brennecke.org\/wp-content\/uploads\/2011\/07\/IMG_3823.jpg\"><img loading=\"lazy\" decoding=\"async\" class=\"alignnone size-medium wp-image-842\" title=\"IMG_3823\" src=\"http:\/\/www.brennecke.org\/wp-content\/uploads\/2011\/07\/IMG_3823-300x225.jpg\" alt=\"\" width=\"300\" height=\"225\" srcset=\"https:\/\/www.brennecke.org\/wp-content\/uploads\/2011\/07\/IMG_3823-300x225.jpg 300w, https:\/\/www.brennecke.org\/wp-content\/uploads\/2011\/07\/IMG_3823.jpg 1024w\" sizes=\"(max-width: 300px) 100vw, 300px\" \/><\/a><\/p>\n<p>Die Ecken des Displays sind lichtdurchl\u00e4ssig. Sie sind urspr\u00fcnglich durch eine Gummiisolierung der Kaltkathodenr\u00f6hren abgeschirmt. Beim Einsatz der LEDs musste eine andere L\u00f6sung her; ich habe einfach schwarze Pappe und Klebestreifen benutzt. Es ist hilfreich, das ganze vor dem Zusammenbau einmal zu testen, denn ansonsten leuchtet das Display nach hinten durch.<\/p>\n<p><a href=\"http:\/\/www.brennecke.org\/wp-content\/uploads\/2011\/07\/IMG_37281.jpg\"><img loading=\"lazy\" decoding=\"async\" class=\"alignnone size-medium wp-image-801\" title=\"IMG_3728\" src=\"http:\/\/www.brennecke.org\/wp-content\/uploads\/2011\/07\/IMG_37281-300x225.jpg\" alt=\"\" width=\"300\" height=\"225\" srcset=\"https:\/\/www.brennecke.org\/wp-content\/uploads\/2011\/07\/IMG_37281-300x225.jpg 300w, https:\/\/www.brennecke.org\/wp-content\/uploads\/2011\/07\/IMG_37281.jpg 1024w\" sizes=\"(max-width: 300px) 100vw, 300px\" \/><\/a> <a href=\"http:\/\/www.brennecke.org\/wp-content\/uploads\/2011\/07\/IMG_37271.jpg\"><img loading=\"lazy\" decoding=\"async\" class=\"alignnone size-medium wp-image-800\" title=\"IMG_3727\" src=\"http:\/\/www.brennecke.org\/wp-content\/uploads\/2011\/07\/IMG_37271-300x225.jpg\" alt=\"\" width=\"300\" height=\"225\" srcset=\"https:\/\/www.brennecke.org\/wp-content\/uploads\/2011\/07\/IMG_37271-300x225.jpg 300w, https:\/\/www.brennecke.org\/wp-content\/uploads\/2011\/07\/IMG_37271.jpg 1024w\" sizes=\"(max-width: 300px) 100vw, 300px\" \/><\/a><\/p>\n<p>Die folgenden Bilder zeigen das Ergebnis des Umbaus. Farben und Helligkeit entsprechen in etwa dem Originalzustand. Ein Kalibrierungsversuch erbrachte, dass keine einzige Einstellung des Monitors zu \u00e4ndern war. Die Schlieren auf dem Display haben mit dem Umbau nichts zu tun &#8211; ich habe es als &#8222;defekt&#8220; aus der Bucht ersteigert, und es wies ein paar Druckstellen direkt auf dem Panel auf, die sich nicht mehr beheben lassen.<\/p>\n<p><a href=\"http:\/\/www.brennecke.org\/wp-content\/uploads\/2011\/07\/IMG_2043.jpg\"><img loading=\"lazy\" decoding=\"async\" class=\"alignnone size-medium wp-image-794\" title=\"IMG_2043\" src=\"http:\/\/www.brennecke.org\/wp-content\/uploads\/2011\/07\/IMG_2043-300x225.jpg\" alt=\"\" width=\"300\" height=\"225\" srcset=\"https:\/\/www.brennecke.org\/wp-content\/uploads\/2011\/07\/IMG_2043-300x225.jpg 300w, https:\/\/www.brennecke.org\/wp-content\/uploads\/2011\/07\/IMG_2043.jpg 1024w\" sizes=\"(max-width: 300px) 100vw, 300px\" \/><\/a> <a href=\"http:\/\/www.brennecke.org\/wp-content\/uploads\/2011\/07\/IMG_2044.jpg\"><img loading=\"lazy\" decoding=\"async\" class=\"alignnone size-medium wp-image-795\" title=\"IMG_2044\" src=\"http:\/\/www.brennecke.org\/wp-content\/uploads\/2011\/07\/IMG_2044-300x225.jpg\" alt=\"\" width=\"300\" height=\"225\" srcset=\"https:\/\/www.brennecke.org\/wp-content\/uploads\/2011\/07\/IMG_2044-300x225.jpg 300w, https:\/\/www.brennecke.org\/wp-content\/uploads\/2011\/07\/IMG_2044.jpg 1024w\" sizes=\"(max-width: 300px) 100vw, 300px\" \/><\/a><\/p>\n<h3>Fazit &#8211; Lohnt sich das?<\/h3>\n<p>Die Apple Cinema Displays erreichen inzwischen ein Alter, bei dem die Kaltkathodenr\u00f6hren und auch der Inverter deutlich an Leistung verlieren. Neue, gro\u00dfe Monitore sind allerdings so g\u00fcnstig, dass es sich nicht lohnt, die alten Teile professionell reparieren zu lassen.<\/p>\n<p>Auf der anderen Seite sind die ACDs einfach sch\u00f6n &#8211; genau wie ihre Nachfolger aus Aluminium. Der LED-Umbau l\u00f6st alle Probleme mit Displayhelligkeit und Inverter dauerhaft, senkt den Stromverbrauch erheblich (Leistungsaufnahme: weniger als die H\u00e4lfte als bisher) und ist relativ einfach zu bewerkstelligen. Ein L\u00f6tkolben, etwas feinmechanisches Werkzeug (inklusive Torx-Schraubendreher) und eine ruhige Hand vorausgesetzt, l\u00e4sst sich der Umbau in drei Stunden vollziehen. Kostenpunkt: ca. 20 Euro f\u00fcr 5 Meter LED-Streifen (von denen man etwa 2 Meter ben\u00f6tigt) bei ebay, dazu ein Transistor und ein Widerstand. Billiger geht es kaum. Die Teile f\u00fcr den LED-Inverter kamen aus der Bastelkiste &#8211; ihr Wert d\u00fcrfte jedoch 10 Euro nicht \u00fcbersteigen.<\/p>\n<h3>Update<\/h3>\n<p>Bei zwei meiner Displays habe ich inzwischen das propriet\u00e4re ACD-Kabel durch eine Kombination aus DVI, USB und Netzkabel (mit einem Standard-24V-Netzteil) ersetzt. Man kann die Kabel einfach abschneiden und zusammenl\u00f6ten. Dieser Umbau ist recht einfach, erfordert aber gewisse F\u00e4higkeiten beim L\u00f6ten, da die Kabel doch sehr d\u00fcnn sind.<\/p>\n<p>Empfehlenswerter ist der Bau einer Breakout-Box, also einer Adapterbox, in die man alle passenden Kabel einstecken kann. W\u00e4hrend man DVI-, USB- und Stromanschl\u00fcsse im Elektronikfachhandel bekommt, gilt das leider nicht f\u00fcr die proprit\u00e4re ACD-Buchse. Ich habe meine aus einer alten Mac-Grafikkarte vom Typ ATI Radeon 128 ausgel\u00f6tet. Dazu ist es zun\u00e4chst erforderlich, die gesamte Buchse auf der Platine Kontakt f\u00fcr Kontakt mit einer Dremel-Trennscheibe freizuschneiden, so dass man sp\u00e4ter die Kontakte einzeln von den Platinenresten befreien kann.<\/p>\n<p>Ich freue mich \u00fcber rege Kommentare und Fragen. Es gr\u00fc\u00dft herzlichst JeanLuc7.<\/p>\n<div class=\"twoclick_social_bookmarks_post_770 social_share_privacy clearfix 1.6.4 locale-de_DE sprite-de_DE\"><\/div><div class=\"twoclick-js\"><script type=\"text\/javascript\">\/* <![CDATA[ *\/\njQuery(document).ready(function($){if($('.twoclick_social_bookmarks_post_770')){$('.twoclick_social_bookmarks_post_770').socialSharePrivacy({\"services\":{\"facebook\":{\"status\":\"on\",\"txt_info\":\"2 Klicks f\\u00fcr mehr Datenschutz: Erst wenn Sie hier klicken, wird der Button aktiv und Sie k\\u00f6nnen Ihre Empfehlung an Facebook senden. Schon beim Aktivieren werden Daten an Dritte \\u00fcbertragen - siehe <em>i<\\\/em>.\",\"perma_option\":\"off\",\"action\":\"recommend\",\"language\":\"de_DE\"},\"twitter\":{\"reply_to\":\"\",\"tweet_text\":\"Acryl%20goes%20LED%20%28Update%29%20%C2%BB%2053%20Cent\",\"status\":\"on\",\"txt_info\":\"2 Klicks f\\u00fcr mehr Datenschutz: Erst wenn Sie hier klicken, wird der Button aktiv und Sie k\\u00f6nnen Ihre Empfehlung an Twitter senden. Schon beim Aktivieren werden Daten an Dritte \\u00fcbertragen - siehe <em>i<\\\/em>.\",\"perma_option\":\"off\",\"language\":\"de\",\"referrer_track\":\"\"},\"gplus\":{\"status\":\"on\",\"txt_info\":\"2 Klicks f\\u00fcr mehr Datenschutz: Erst wenn Sie hier klicken, wird der Button aktiv und Sie k\\u00f6nnen Ihre Empfehlung an Google+ senden. Schon beim Aktivieren werden Daten an Dritte \\u00fcbertragen - siehe <em>i<\\\/em>.\",\"perma_option\":\"off\",\"referrer_track\":\"\"},\"flattr\":{\"uid\":\"\",\"status\":\"on\",\"the_title\":\"Acryl%20goes%20LED%20%28Update%29\",\"the_excerpt\":\"Umbau%20eines%20Acryl-Cinema-Displays%20auf%20LED-Beleuchtung%0D%0AGleich%20vorab%20-%20diese%20Anleitung%20enth%C3%A4lt%20nicht%20die%20ganze%20Beschreibung.%20Apple%20hat%20n%C3%A4mlich%20bereits%20in%20einem%20ausf%C3%BChrlichen%20Service%20Manual%20beschrieben%2C%20wie%20man%20ein%20Cinema%20Display%20%28ACD%29%20fachm%C3%A4nnisch%20%C3%B6ffnet.%20Man%20findet%20es%20unter%20dem%20angegebenen%20Link%20oder%20auch%20bei%20google%20mit%20den%20Stichw%C3%B6rtern%20%22Apple%20Cinema%20Display%20Service%20Manual%22.%20Und%20keine%20Sorge%20-%20e%20...\",\"txt_info\":\"2 Klicks f\\u00fcr mehr Datenschutz: Erst wenn Sie hier klicken, wird der Button aktiv und Sie k\\u00f6nnen Ihre Empfehlung an Flattr senden. Schon beim Aktivieren werden Daten an Dritte \\u00fcbertragen - siehe <em>i<\\\/em>.\",\"perma_option\":\"off\"}},\"txt_help\":\"Wenn Sie diese Felder durch einen Klick aktivieren, werden Informationen an Facebook, Twitter, Flattr, Xing, t3n, LinkedIn, Pinterest oder Google eventuell ins Ausland \\u00fcbertragen und unter Umst\\u00e4nden auch dort gespeichert. N\\u00e4heres erfahren Sie durch einen Klick auf das <em>i<\\\/em>.\",\"settings_perma\":\"Dauerhaft aktivieren und Daten\\u00fcber-tragung zustimmen:\",\"info_link\":\"http:\\\/\\\/www.heise.de\\\/ct\\\/artikel\\\/2-Klicks-fuer-mehr-Datenschutz-1333879.html\",\"uri\":\"https:\\\/\\\/www.brennecke.org\\\/?page_id=770\",\"post_id\":770,\"post_title_referrer_track\":\"Acryl+goes+LED+%28Update%29\",\"display_infobox\":\"on\"});}});\n\/* ]]> *\/<\/script><\/div>","protected":false},"excerpt":{"rendered":"<p>Umbau eines Acryl-Cinema-Displays auf LED-Beleuchtung Gleich vorab &#8211; diese Anleitung enth\u00e4lt nicht die ganze Beschreibung. Apple hat n\u00e4mlich bereits in einem ausf\u00fchrlichen Service Manual beschrieben, wie man ein Cinema Display (ACD) fachm\u00e4nnisch \u00f6ffnet. Man findet es unter dem angegebenen Link &hellip; <a href=\"https:\/\/www.brennecke.org\/?page_id=770\">Weiterlesen <span class=\"meta-nav\">&rarr;<\/span><\/a><\/p>\n","protected":false},"author":1,"featured_media":795,"parent":528,"menu_order":3,"comment_status":"open","ping_status":"open","template":"","meta":{"footnotes":""},"_links":{"self":[{"href":"https:\/\/www.brennecke.org\/index.php?rest_route=\/wp\/v2\/pages\/770"}],"collection":[{"href":"https:\/\/www.brennecke.org\/index.php?rest_route=\/wp\/v2\/pages"}],"about":[{"href":"https:\/\/www.brennecke.org\/index.php?rest_route=\/wp\/v2\/types\/page"}],"author":[{"embeddable":true,"href":"https:\/\/www.brennecke.org\/index.php?rest_route=\/wp\/v2\/users\/1"}],"replies":[{"embeddable":true,"href":"https:\/\/www.brennecke.org\/index.php?rest_route=%2Fwp%2Fv2%2Fcomments&post=770"}],"version-history":[{"count":15,"href":"https:\/\/www.brennecke.org\/index.php?rest_route=\/wp\/v2\/pages\/770\/revisions"}],"predecessor-version":[{"id":772,"href":"https:\/\/www.brennecke.org\/index.php?rest_route=\/wp\/v2\/pages\/770\/revisions\/772"}],"up":[{"embeddable":true,"href":"https:\/\/www.brennecke.org\/index.php?rest_route=\/wp\/v2\/pages\/528"}],"wp:featuredmedia":[{"embeddable":true,"href":"https:\/\/www.brennecke.org\/index.php?rest_route=\/wp\/v2\/media\/795"}],"wp:attachment":[{"href":"https:\/\/www.brennecke.org\/index.php?rest_route=%2Fwp%2Fv2%2Fmedia&parent=770"}],"curies":[{"name":"wp","href":"https:\/\/api.w.org\/{rel}","templated":true}]}}